{"id":1923,"date":"2024-01-07T13:00:00","date_gmt":"2024-01-07T12:00:00","guid":{"rendered":"https:\/\/atelierduma.sk\/?post_type=projekt&#038;p=1923"},"modified":"2025-11-24T13:20:14","modified_gmt":"2025-11-24T12:20:14","slug":"tri-sestry","status":"publish","type":"projekt","link":"https:\/\/atelierduma.sk\/de\/projekty\/tri-sestry\/","title":{"rendered":"TRI SESTRY"},"content":{"rendered":"<p>T\u00e1to terasa nie je len priestorom \u2013 je to miesto stret\u00e1vania, smiechu a spomienok. Pre rodinu s troma v\u00fdnimo\u010dn\u00fdmi sestrami sme vytvorili farebn\u00fd svet, ktor\u00fd odr\u00e1\u017ea ich energiu, \u0161t\u00fdl a jedine\u010dn\u00fd vz\u0165ah. Rekon\u0161trukcia terasy premenen\u00ed priestor na farebn\u00fd pr\u00edbeh troch sestier, kde ka\u017ed\u00e1 farba m\u00e1 svoj v\u00fdznam a ka\u017ed\u00fd detail m\u00e1 svoj d\u00f4vod.<\/p>\n\n\n\n<p><\/p>","protected":false},"featured_media":1925,"template":"","meta":{"_acf_changed":true},"kategoria-projektu":[13],"zamestnanec":[17],"class_list":["post-1923","projekt","type-projekt","status-publish","has-post-thumbnail","hentry","kategoria-projektu-rodinne-zahrady-a-terasy","zamestnanec-ing-juraj-hornak"],"acf":[],"yoast_head":"<!-- This site is optimized with the Yoast SEO Premium plugin v24.0 (Yoast SEO v25.6) - https:\/\/yoast.com\/wordpress\/plugins\/seo\/ -->\n<title>TRI SESTRY - ATELIER DUMA - LIVING GARDENS<\/title>\n<meta name=\"robots\" content=\"index, follow, max-snippet:-1, max-image-preview:large, max-video-preview:-1\" \/>\n<link rel=\"canonical\" href=\"https:\/\/atelierduma.sk\/de\/projekty\/tri-sestry\/\" \/>\n<meta property=\"og:locale\" content=\"de_DE\" \/>\n<meta property=\"og:type\" content=\"article\" \/>\n<meta property=\"og:title\" content=\"TRI SESTRY\" \/>\n<meta property=\"og:description\" content=\"T\u00e1to terasa nie je len priestorom \u2013 je to miesto stret\u00e1vania, smiechu a spomienok. Pre rodinu s troma v\u00fdnimo\u010dn\u00fdmi sestrami sme vytvorili farebn\u00fd svet, ktor\u00fd odr\u00e1\u017ea ich energiu, \u0161t\u00fdl a jedine\u010dn\u00fd vz\u0165ah. Rekon\u0161trukcia terasy premenen\u00ed priestor na farebn\u00fd pr\u00edbeh troch sestier, kde ka\u017ed\u00e1 farba m\u00e1 svoj v\u00fdznam a ka\u017ed\u00fd detail m\u00e1 svoj d\u00f4vod.\" \/>\n<meta property=\"og:url\" content=\"https:\/\/atelierduma.sk\/de\/projekty\/tri-sestry\/\" \/>\n<meta property=\"og:site_name\" content=\"ATELIER DUMA - LIVING GARDENS\" \/>\n<meta property=\"article:modified_time\" content=\"2025-11-24T12:20:14+00:00\" \/>\n<meta property=\"og:image\" content=\"https:\/\/atelierduma.sk\/wp-content\/uploads\/2025\/04\/Terasa-sestry23_duma.jpg\" \/>\n\t<meta property=\"og:image:width\" content=\"2048\" \/>\n\t<meta property=\"og:image:height\" content=\"1536\" \/>\n\t<meta property=\"og:image:type\" content=\"image\/jpeg\" \/>\n<meta name=\"twitter:card\" content=\"summary_large_image\" \/>\n<meta name=\"twitter:label1\" content=\"Gesch\u00e4tzte Lesezeit\" \/>\n\t<meta name=\"twitter:data1\" content=\"1\u00a0Minute\" \/>\n<script type=\"application\/ld+json\" class=\"yoast-schema-graph\">{\"@context\":\"https:\/\/schema.org\",\"@graph\":[{\"@type\":\"WebPage\",\"@id\":\"https:\/\/atelierduma.sk\/projekty\/tri-sestry\/\",\"url\":\"https:\/\/atelierduma.sk\/projekty\/tri-sestry\/\",\"name\":\"TRI SESTRY - ATELIER DUMA - LIVING GARDENS\",\"isPartOf\":{\"@id\":\"https:\/\/atelierduma.sk\/#website\"},\"primaryImageOfPage\":{\"@id\":\"https:\/\/atelierduma.sk\/projekty\/tri-sestry\/#primaryimage\"},\"image\":{\"@id\":\"https:\/\/atelierduma.sk\/projekty\/tri-sestry\/#primaryimage\"},\"thumbnailUrl\":\"https:\/\/atelierduma.sk\/wp-content\/uploads\/2025\/04\/Terasa-sestry23_duma.jpg\",\"datePublished\":\"2024-01-07T12:00:00+00:00\",\"dateModified\":\"2025-11-24T12:20:14+00:00\",\"breadcrumb\":{\"@id\":\"https:\/\/atelierduma.sk\/projekty\/tri-sestry\/#breadcrumb\"},\"inLanguage\":\"de\",\"potentialAction\":[{\"@type\":\"ReadAction\",\"target\":[\"https:\/\/atelierduma.sk\/projekty\/tri-sestry\/\"]}]},{\"@type\":\"ImageObject\",\"inLanguage\":\"de\",\"@id\":\"https:\/\/atelierduma.sk\/projekty\/tri-sestry\/#primaryimage\",\"url\":\"https:\/\/atelierduma.sk\/wp-content\/uploads\/2025\/04\/Terasa-sestry23_duma.jpg\",\"contentUrl\":\"https:\/\/atelierduma.sk\/wp-content\/uploads\/2025\/04\/Terasa-sestry23_duma.jpg\",\"width\":2048,\"height\":1536},{\"@type\":\"BreadcrumbList\",\"@id\":\"https:\/\/atelierduma.sk\/projekty\/tri-sestry\/#breadcrumb\",\"itemListElement\":[{\"@type\":\"ListItem\",\"position\":1,\"name\":\"Domov\",\"item\":\"https:\/\/atelierduma.sk\/\"},{\"@type\":\"ListItem\",\"position\":2,\"name\":\"TRI SESTRY\"}]},{\"@type\":\"WebSite\",\"@id\":\"https:\/\/atelierduma.sk\/#website\",\"url\":\"https:\/\/atelierduma.sk\/\",\"name\":\"ATELIER DUMA - LIVING GARDENS\",\"description\":\"n\u00e1vrh a realiz\u00e1cia z\u00e1hrad\",\"potentialAction\":[{\"@type\":\"SearchAction\",\"target\":{\"@type\":\"EntryPoint\",\"urlTemplate\":\"https:\/\/atelierduma.sk\/?s={search_term_string}\"},\"query-input\":{\"@type\":\"PropertyValueSpecification\",\"valueRequired\":true,\"valueName\":\"search_term_string\"}}],\"inLanguage\":\"de\"}]}<\/script>\n<!-- \/ Yoast SEO Premium plugin. -->","yoast_head_json":{"title":"TRI SESTRY - ATELIER DUMA - LIVING GARDENS","robots":{"index":"index","follow":"follow","max-snippet":"max-snippet:-1","max-image-preview":"max-image-preview:large","max-video-preview":"max-video-preview:-1"},"canonical":"https:\/\/atelierduma.sk\/de\/projekty\/tri-sestry\/","og_locale":"de_DE","og_type":"article","og_title":"TRI SESTRY","og_description":"T\u00e1to terasa nie je len priestorom \u2013 je to miesto stret\u00e1vania, smiechu a spomienok. Pre rodinu s troma v\u00fdnimo\u010dn\u00fdmi sestrami sme vytvorili farebn\u00fd svet, ktor\u00fd odr\u00e1\u017ea ich energiu, \u0161t\u00fdl a jedine\u010dn\u00fd vz\u0165ah. Rekon\u0161trukcia terasy premenen\u00ed priestor na farebn\u00fd pr\u00edbeh troch sestier, kde ka\u017ed\u00e1 farba m\u00e1 svoj v\u00fdznam a ka\u017ed\u00fd detail m\u00e1 svoj d\u00f4vod.","og_url":"https:\/\/atelierduma.sk\/de\/projekty\/tri-sestry\/","og_site_name":"ATELIER DUMA - LIVING GARDENS","article_modified_time":"2025-11-24T12:20:14+00:00","og_image":[{"width":2048,"height":1536,"url":"https:\/\/atelierduma.sk\/wp-content\/uploads\/2025\/04\/Terasa-sestry23_duma.jpg","type":"image\/jpeg"}],"twitter_card":"summary_large_image","twitter_misc":{"Gesch\u00e4tzte Lesezeit":"1\u00a0Minute"},"schema":{"@context":"https:\/\/schema.org","@graph":[{"@type":"WebPage","@id":"https:\/\/atelierduma.sk\/projekty\/tri-sestry\/","url":"https:\/\/atelierduma.sk\/projekty\/tri-sestry\/","name":"TRI SESTRY - ATELIER DUMA - LIVING GARDENS","isPartOf":{"@id":"https:\/\/atelierduma.sk\/#website"},"primaryImageOfPage":{"@id":"https:\/\/atelierduma.sk\/projekty\/tri-sestry\/#primaryimage"},"image":{"@id":"https:\/\/atelierduma.sk\/projekty\/tri-sestry\/#primaryimage"},"thumbnailUrl":"https:\/\/atelierduma.sk\/wp-content\/uploads\/2025\/04\/Terasa-sestry23_duma.jpg","datePublished":"2024-01-07T12:00:00+00:00","dateModified":"2025-11-24T12:20:14+00:00","breadcrumb":{"@id":"https:\/\/atelierduma.sk\/projekty\/tri-sestry\/#breadcrumb"},"inLanguage":"de","potentialAction":[{"@type":"ReadAction","target":["https:\/\/atelierduma.sk\/projekty\/tri-sestry\/"]}]},{"@type":"ImageObject","inLanguage":"de","@id":"https:\/\/atelierduma.sk\/projekty\/tri-sestry\/#primaryimage","url":"https:\/\/atelierduma.sk\/wp-content\/uploads\/2025\/04\/Terasa-sestry23_duma.jpg","contentUrl":"https:\/\/atelierduma.sk\/wp-content\/uploads\/2025\/04\/Terasa-sestry23_duma.jpg","width":2048,"height":1536},{"@type":"BreadcrumbList","@id":"https:\/\/atelierduma.sk\/projekty\/tri-sestry\/#breadcrumb","itemListElement":[{"@type":"ListItem","position":1,"name":"Domov","item":"https:\/\/atelierduma.sk\/"},{"@type":"ListItem","position":2,"name":"TRI SESTRY"}]},{"@type":"WebSite","@id":"https:\/\/atelierduma.sk\/#website","url":"https:\/\/atelierduma.sk\/","name":"ATELIER DUMA - LIVING GARDENS","description":"n\u00e1vrh a realiz\u00e1cia z\u00e1hrad","potentialAction":[{"@type":"SearchAction","target":{"@type":"EntryPoint","urlTemplate":"https:\/\/atelierduma.sk\/?s={search_term_string}"},"query-input":{"@type":"PropertyValueSpecification","valueRequired":true,"valueName":"search_term_string"}}],"inLanguage":"de"}]}},"_links":{"self":[{"href":"https:\/\/atelierduma.sk\/de\/wp-json\/wp\/v2\/projekt\/1923","targetHints":{"allow":["GET"]}}],"collection":[{"href":"https:\/\/atelierduma.sk\/de\/wp-json\/wp\/v2\/projekt"}],"about":[{"href":"https:\/\/atelierduma.sk\/de\/wp-json\/wp\/v2\/types\/projekt"}],"wp:featuredmedia":[{"embeddable":true,"href":"https:\/\/atelierduma.sk\/de\/wp-json\/wp\/v2\/media\/1925"}],"wp:attachment":[{"href":"https:\/\/atelierduma.sk\/de\/wp-json\/wp\/v2\/media?parent=1923"}],"wp:term":[{"taxonomy":"kategoria-projektu","embeddable":true,"href":"https:\/\/atelierduma.sk\/de\/wp-json\/wp\/v2\/kategoria-projektu?post=1923"},{"taxonomy":"zamestnanec","embeddable":true,"href":"https:\/\/atelierduma.sk\/de\/wp-json\/wp\/v2\/zamestnanec?post=1923"}],"curies":[{"name":"wp","href":"https:\/\/api.w.org\/{rel}","templated":true}]}}