{"id":1398,"date":"2025-02-04T12:37:42","date_gmt":"2025-02-04T11:37:42","guid":{"rendered":"https:\/\/atelierduma.sk\/?post_type=pracovna-pozicia&#038;p=1398"},"modified":"2025-02-27T11:20:55","modified_gmt":"2025-02-27T10:20:55","slug":"projektovy-manazer","status":"publish","type":"pracovna-pozicia","link":"https:\/\/atelierduma.sk\/de\/pracovna-pozicia\/projektovy-manazer\/","title":{"rendered":"Projektov\u00fd mana\u017e\u00e9r"},"content":{"rendered":"<p><strong>H\u013ead\u00e1me projektov\u00e9ho mana\u017e\u00e9ra do n\u00e1\u0161ho t\u00edmu!<\/strong><\/p>\n\n\n\n<p>H\u013ead\u00e1me sk\u00fasen\u00e9ho a organiza\u010dne zdatn\u00e9ho <strong>projektov\u00e9ho mana\u017e\u00e9ra<\/strong>, ktor\u00fd sa prid\u00e1 do n\u00e1\u0161ho ateli\u00e9ru a pom\u00f4\u017ee n\u00e1m realizova\u0165 jedine\u010dn\u00e9 projekty v oblasti z\u00e1hradnej a krajinnej architekt\u00fary. Ak m\u00e1te cit pre detail, technick\u00e9 myslenie a v\u00e1\u0161e\u0148 pre tvorbu esteticky aj funk\u010dne prepracovan\u00fdch vonkaj\u0161\u00edch priestorov, mo\u017eno h\u013ead\u00e1me pr\u00e1ve v\u00e1s!<\/p>\n\n\n\n<div style=\"height:60px\" aria-hidden=\"true\" class=\"wp-block-spacer\"><\/div>\n\n\n\n<h5 class=\"wp-block-heading\" id=\"h-napln-prace\">N\u00e1pl\u0148 pr\u00e1ce :<\/h5>\n\n\n\n<ul class=\"wp-block-list\">\n<li>Pl\u00e1novanie a riadenie projektov \u2013 dohliadanie na proces realiz\u00e1cie z\u00e1hradn\u00fdch a krajinn\u00fdch \u00faprav od n\u00e1vrhu a\u017e po fin\u00e1lne odovzdanie<\/li>\n\n\n\n<li>Koordin\u00e1cia t\u00edmov a dod\u00e1vate\u013eov \u2013 efekt\u00edvna komunik\u00e1cia s architektmi, z\u00e1hradn\u00edkmi, stavebn\u00fdmi firmami a \u010fal\u0161\u00edmi partnermi<\/li>\n\n\n\n<li>Doh\u013ead nad rozpo\u010dtom a term\u00ednmi \u2013 zabezpe\u010denie, aby projekty boli realizovan\u00e9 v r\u00e1mci schv\u00e1len\u00fdch n\u00e1kladov a harmonogramu<\/li>\n\n\n\n<li>Pr\u00edprava technickej dokument\u00e1cie \u2013 kontrola a spracovanie v\u00fdkresov, projektov\u00fdch podkladov a dokument\u00e1cie potrebnej k realiz\u00e1cii<\/li>\n\n\n\n<li>Rie\u0161enie operat\u00edvnych probl\u00e9mov \u2013 flexibiln\u00e9 prisp\u00f4sobenie sa ne\u010dakan\u00fdm situ\u00e1ci\u00e1m na stavbe a h\u013eadanie optim\u00e1lnych rie\u0161en\u00ed<\/li>\n\n\n\n<li>Kontrola kvality a dodr\u017eiavanie noriem \u2013 zabezpe\u010denie, \u017ee v\u0161etky pr\u00e1ce s\u00fa vykonan\u00e9 pod\u013ea projektovej dokument\u00e1cie a platn\u00fdch predpisov<\/li>\n\n\n\n<li>Administrat\u00edva \u2013 pr\u00edprava spr\u00e1v o priebehu realiz\u00e1cie, komunik\u00e1cia so stavebn\u00fdmi \u00faradmi a in\u00fdmi in\u0161tit\u00faciami<\/li>\n\n\n\n<li>Zodpovednos\u0165 za fin\u00e1lne odovzdanie projektu \u2013 kontrola a koordin\u00e1cia posledn\u00fdch \u00faprav pred ofici\u00e1lnym ukon\u010den\u00edm projektu<\/li>\n<\/ul>\n\n\n\n<div style=\"height:60px\" aria-hidden=\"true\" class=\"wp-block-spacer\"><\/div>\n\n\n\n<h5 class=\"wp-block-heading\" id=\"h-zamestnanecke-vyhody-benefity\">Zamestnaneck\u00e9 v\u00fdhody, benefity:<\/h5>\n\n\n\n<ul class=\"wp-block-list\">\n<li>Pr\u00e1ca na jedine\u010dn\u00fdch projektoch \u2013 podie\u013eajte sa na tvorbe dizajnovo prepracovan\u00fdch z\u00e1hrad a verejn\u00fdch priestorov<\/li>\n\n\n\n<li>Mo\u017enos\u0165 profesijn\u00e9ho rastu \u2013 podporujeme vzdel\u00e1vanie a odborn\u00fd rozvoj v oblasti z\u00e1hradnej architekt\u00fary a projektov\u00e9ho mana\u017ementu<\/li>\n\n\n\n<li>Flexibilita a rovnov\u00e1ha medzi pr\u00e1cou a s\u00fakrom\u00edm \u2013 sna\u017e\u00edme sa vytv\u00e1ra\u0165 pracovn\u00e9 prostredie, ktor\u00e9 re\u0161pektuje individu\u00e1lne potreby zamestnancov<\/li>\n\n\n\n<li>Mo\u017enos\u0165 ob\u010dasnej pr\u00e1ce z domu (home office) \u2013 flexibilita pri administrat\u00edvnych a projektov\u00fdch \u00faloh\u00e1ch<\/li>\n\n\n\n<li>Mo\u017enos\u0165 pracova\u0165 na projektoch aj v zahrani\u010d\u00ed \u2013 spolupracujeme na realiz\u00e1ci\u00e1ch v Rak\u00fasku, Ma\u010farsku a Franc\u00fazsku<\/li>\n\n\n\n<li>Mo\u017enos\u0165 realizova\u0165 vlastn\u00e9 n\u00e1pady \u2013 podpora kreativity a nov\u00fdch rie\u0161en\u00ed v r\u00e1mci projektov<\/li>\n\n\n\n<li>Pravideln\u00e9 teambuildingy a spolo\u010dn\u00e9 aktivity \u2013 budujeme t\u00edmov\u00e9ho ducha cez spolo\u010dn\u00e9 v\u00fdlety, workshopy a in\u00e9 podujatia<\/li>\n\n\n\n<li>Priate\u013esk\u00e1 a kreat\u00edvna atmosf\u00e9ra \u2013 u n\u00e1s n\u00e1jdete otvoren\u00fd a podporn\u00fd kolekt\u00edv, kde sa va\u0161e n\u00e1pady cenia<\/li>\n<\/ul>\n\n\n\n<div style=\"height:60px\" aria-hidden=\"true\" class=\"wp-block-spacer\"><\/div>\n\n\n\n<p>Ak m\u00e1\u0161 organiza\u010dn\u00e9 schopnosti, technick\u00e9 myslenie a v\u00e1\u0161e\u0148 pre krajin\u00e1rsku architekt\u00faru, pridaj sa k n\u00e1\u0161mu t\u00edmu! \ud83d\udce9 Po\u0161li n\u00e1m svoje CV a sta\u0148 sa s\u00fa\u010das\u0165ou jedine\u010dn\u00fdch projektov. Te\u0161\u00edme sa na teba!<\/p>","protected":false},"featured_media":1329,"template":"","meta":{"_acf_changed":true},"class_list":["post-1398","pracovna-pozicia","type-pracovna-pozicia","status-publish","has-post-thumbnail","hentry"],"acf":[],"yoast_head":"<!-- This site is optimized with the Yoast SEO Premium plugin v24.0 (Yoast SEO v25.6) - https:\/\/yoast.com\/wordpress\/plugins\/seo\/ -->\n<title>Projektov\u00fd mana\u017e\u00e9r - ATELIER DUMA - LIVING GARDENS<\/title>\n<meta name=\"robots\" content=\"index, follow, max-snippet:-1, max-image-preview:large, max-video-preview:-1\" \/>\n<link rel=\"canonical\" href=\"https:\/\/atelierduma.sk\/de\/pracovna-pozicia\/projektovy-manazer\/\" \/>\n<meta property=\"og:locale\" content=\"de_DE\" \/>\n<meta property=\"og:type\" content=\"article\" \/>\n<meta property=\"og:title\" content=\"Projektov\u00fd mana\u017e\u00e9r\" \/>\n<meta property=\"og:description\" content=\"H\u013ead\u00e1me projektov\u00e9ho mana\u017e\u00e9ra do n\u00e1\u0161ho t\u00edmu! H\u013ead\u00e1me sk\u00fasen\u00e9ho a organiza\u010dne zdatn\u00e9ho projektov\u00e9ho mana\u017e\u00e9ra, ktor\u00fd sa prid\u00e1 do n\u00e1\u0161ho ateli\u00e9ru a pom\u00f4\u017ee n\u00e1m realizova\u0165 jedine\u010dn\u00e9 projekty v oblasti z\u00e1hradnej a krajinnej architekt\u00fary. Ak m\u00e1te cit pre detail, technick\u00e9 myslenie a v\u00e1\u0161e\u0148 pre tvorbu esteticky aj funk\u010dne prepracovan\u00fdch vonkaj\u0161\u00edch priestorov, mo\u017eno h\u013ead\u00e1me pr\u00e1ve v\u00e1s! N\u00e1pl\u0148 pr\u00e1ce : [&hellip;]\" \/>\n<meta property=\"og:url\" content=\"https:\/\/atelierduma.sk\/de\/pracovna-pozicia\/projektovy-manazer\/\" \/>\n<meta property=\"og:site_name\" content=\"ATELIER DUMA - LIVING GARDENS\" \/>\n<meta property=\"article:modified_time\" content=\"2025-02-27T10:20:55+00:00\" \/>\n<meta property=\"og:image\" content=\"https:\/\/atelierduma.sk\/wp-content\/uploads\/2025\/01\/univerzalne-scaled.jpg\" \/>\n\t<meta property=\"og:image:width\" content=\"1810\" \/>\n\t<meta property=\"og:image:height\" content=\"2560\" \/>\n\t<meta property=\"og:image:type\" content=\"image\/jpeg\" \/>\n<meta name=\"twitter:card\" content=\"summary_large_image\" \/>\n<meta name=\"twitter:label1\" content=\"Gesch\u00e4tzte Lesezeit\" \/>\n\t<meta name=\"twitter:data1\" content=\"2\u00a0Minuten\" \/>\n<script type=\"application\/ld+json\" class=\"yoast-schema-graph\">{\"@context\":\"https:\/\/schema.org\",\"@graph\":[{\"@type\":\"WebPage\",\"@id\":\"https:\/\/atelierduma.sk\/pracovna-pozicia\/projektovy-manazer\/\",\"url\":\"https:\/\/atelierduma.sk\/pracovna-pozicia\/projektovy-manazer\/\",\"name\":\"Projektov\u00fd mana\u017e\u00e9r - ATELIER DUMA - LIVING GARDENS\",\"isPartOf\":{\"@id\":\"https:\/\/atelierduma.sk\/#website\"},\"primaryImageOfPage\":{\"@id\":\"https:\/\/atelierduma.sk\/pracovna-pozicia\/projektovy-manazer\/#primaryimage\"},\"image\":{\"@id\":\"https:\/\/atelierduma.sk\/pracovna-pozicia\/projektovy-manazer\/#primaryimage\"},\"thumbnailUrl\":\"https:\/\/atelierduma.sk\/wp-content\/uploads\/2025\/01\/univerzalne-scaled.jpg\",\"datePublished\":\"2025-02-04T11:37:42+00:00\",\"dateModified\":\"2025-02-27T10:20:55+00:00\",\"breadcrumb\":{\"@id\":\"https:\/\/atelierduma.sk\/pracovna-pozicia\/projektovy-manazer\/#breadcrumb\"},\"inLanguage\":\"de\",\"potentialAction\":[{\"@type\":\"ReadAction\",\"target\":[\"https:\/\/atelierduma.sk\/pracovna-pozicia\/projektovy-manazer\/\"]}]},{\"@type\":\"ImageObject\",\"inLanguage\":\"de\",\"@id\":\"https:\/\/atelierduma.sk\/pracovna-pozicia\/projektovy-manazer\/#primaryimage\",\"url\":\"https:\/\/atelierduma.sk\/wp-content\/uploads\/2025\/01\/univerzalne-scaled.jpg\",\"contentUrl\":\"https:\/\/atelierduma.sk\/wp-content\/uploads\/2025\/01\/univerzalne-scaled.jpg\",\"width\":1810,\"height\":2560},{\"@type\":\"BreadcrumbList\",\"@id\":\"https:\/\/atelierduma.sk\/pracovna-pozicia\/projektovy-manazer\/#breadcrumb\",\"itemListElement\":[{\"@type\":\"ListItem\",\"position\":1,\"name\":\"Domov\",\"item\":\"https:\/\/atelierduma.sk\/\"},{\"@type\":\"ListItem\",\"position\":2,\"name\":\"Projektov\u00fd mana\u017e\u00e9r\"}]},{\"@type\":\"WebSite\",\"@id\":\"https:\/\/atelierduma.sk\/#website\",\"url\":\"https:\/\/atelierduma.sk\/\",\"name\":\"ATELIER DUMA - LIVING GARDENS\",\"description\":\"n\u00e1vrh a realiz\u00e1cia z\u00e1hrad\",\"potentialAction\":[{\"@type\":\"SearchAction\",\"target\":{\"@type\":\"EntryPoint\",\"urlTemplate\":\"https:\/\/atelierduma.sk\/?s={search_term_string}\"},\"query-input\":{\"@type\":\"PropertyValueSpecification\",\"valueRequired\":true,\"valueName\":\"search_term_string\"}}],\"inLanguage\":\"de\"}]}<\/script>\n<!-- \/ Yoast SEO Premium plugin. -->","yoast_head_json":{"title":"Projektov\u00fd mana\u017e\u00e9r - ATELIER DUMA - LIVING GARDENS","robots":{"index":"index","follow":"follow","max-snippet":"max-snippet:-1","max-image-preview":"max-image-preview:large","max-video-preview":"max-video-preview:-1"},"canonical":"https:\/\/atelierduma.sk\/de\/pracovna-pozicia\/projektovy-manazer\/","og_locale":"de_DE","og_type":"article","og_title":"Projektov\u00fd mana\u017e\u00e9r","og_description":"H\u013ead\u00e1me projektov\u00e9ho mana\u017e\u00e9ra do n\u00e1\u0161ho t\u00edmu! H\u013ead\u00e1me sk\u00fasen\u00e9ho a organiza\u010dne zdatn\u00e9ho projektov\u00e9ho mana\u017e\u00e9ra, ktor\u00fd sa prid\u00e1 do n\u00e1\u0161ho ateli\u00e9ru a pom\u00f4\u017ee n\u00e1m realizova\u0165 jedine\u010dn\u00e9 projekty v oblasti z\u00e1hradnej a krajinnej architekt\u00fary. Ak m\u00e1te cit pre detail, technick\u00e9 myslenie a v\u00e1\u0161e\u0148 pre tvorbu esteticky aj funk\u010dne prepracovan\u00fdch vonkaj\u0161\u00edch priestorov, mo\u017eno h\u013ead\u00e1me pr\u00e1ve v\u00e1s! N\u00e1pl\u0148 pr\u00e1ce : [&hellip;]","og_url":"https:\/\/atelierduma.sk\/de\/pracovna-pozicia\/projektovy-manazer\/","og_site_name":"ATELIER DUMA - LIVING GARDENS","article_modified_time":"2025-02-27T10:20:55+00:00","og_image":[{"width":1810,"height":2560,"url":"https:\/\/atelierduma.sk\/wp-content\/uploads\/2025\/01\/univerzalne-scaled.jpg","type":"image\/jpeg"}],"twitter_card":"summary_large_image","twitter_misc":{"Gesch\u00e4tzte Lesezeit":"2\u00a0Minuten"},"schema":{"@context":"https:\/\/schema.org","@graph":[{"@type":"WebPage","@id":"https:\/\/atelierduma.sk\/pracovna-pozicia\/projektovy-manazer\/","url":"https:\/\/atelierduma.sk\/pracovna-pozicia\/projektovy-manazer\/","name":"Projektov\u00fd mana\u017e\u00e9r - ATELIER DUMA - LIVING GARDENS","isPartOf":{"@id":"https:\/\/atelierduma.sk\/#website"},"primaryImageOfPage":{"@id":"https:\/\/atelierduma.sk\/pracovna-pozicia\/projektovy-manazer\/#primaryimage"},"image":{"@id":"https:\/\/atelierduma.sk\/pracovna-pozicia\/projektovy-manazer\/#primaryimage"},"thumbnailUrl":"https:\/\/atelierduma.sk\/wp-content\/uploads\/2025\/01\/univerzalne-scaled.jpg","datePublished":"2025-02-04T11:37:42+00:00","dateModified":"2025-02-27T10:20:55+00:00","breadcrumb":{"@id":"https:\/\/atelierduma.sk\/pracovna-pozicia\/projektovy-manazer\/#breadcrumb"},"inLanguage":"de","potentialAction":[{"@type":"ReadAction","target":["https:\/\/atelierduma.sk\/pracovna-pozicia\/projektovy-manazer\/"]}]},{"@type":"ImageObject","inLanguage":"de","@id":"https:\/\/atelierduma.sk\/pracovna-pozicia\/projektovy-manazer\/#primaryimage","url":"https:\/\/atelierduma.sk\/wp-content\/uploads\/2025\/01\/univerzalne-scaled.jpg","contentUrl":"https:\/\/atelierduma.sk\/wp-content\/uploads\/2025\/01\/univerzalne-scaled.jpg","width":1810,"height":2560},{"@type":"BreadcrumbList","@id":"https:\/\/atelierduma.sk\/pracovna-pozicia\/projektovy-manazer\/#breadcrumb","itemListElement":[{"@type":"ListItem","position":1,"name":"Domov","item":"https:\/\/atelierduma.sk\/"},{"@type":"ListItem","position":2,"name":"Projektov\u00fd mana\u017e\u00e9r"}]},{"@type":"WebSite","@id":"https:\/\/atelierduma.sk\/#website","url":"https:\/\/atelierduma.sk\/","name":"ATELIER DUMA - LIVING GARDENS","description":"n\u00e1vrh a realiz\u00e1cia z\u00e1hrad","potentialAction":[{"@type":"SearchAction","target":{"@type":"EntryPoint","urlTemplate":"https:\/\/atelierduma.sk\/?s={search_term_string}"},"query-input":{"@type":"PropertyValueSpecification","valueRequired":true,"valueName":"search_term_string"}}],"inLanguage":"de"}]}},"_links":{"self":[{"href":"https:\/\/atelierduma.sk\/de\/wp-json\/wp\/v2\/pracovna-pozicia\/1398","targetHints":{"allow":["GET"]}}],"collection":[{"href":"https:\/\/atelierduma.sk\/de\/wp-json\/wp\/v2\/pracovna-pozicia"}],"about":[{"href":"https:\/\/atelierduma.sk\/de\/wp-json\/wp\/v2\/types\/pracovna-pozicia"}],"wp:featuredmedia":[{"embeddable":true,"href":"https:\/\/atelierduma.sk\/de\/wp-json\/wp\/v2\/media\/1329"}],"wp:attachment":[{"href":"https:\/\/atelierduma.sk\/de\/wp-json\/wp\/v2\/media?parent=1398"}],"curies":[{"name":"wp","href":"https:\/\/api.w.org\/{rel}","templated":true}]}}